{"id":81,"date":"2015-06-24T21:45:24","date_gmt":"2015-06-24T19:45:24","guid":{"rendered":"http:\/\/www.wordpress.jrk-altoetting.de\/wordpress\/?page_id=81"},"modified":"2025-01-08T13:25:18","modified_gmt":"2025-01-08T12:25:18","slug":"zeltlager","status":"publish","type":"page","link":"https:\/\/www.jrk-altoetting.de\/wordpress\/ausfluege\/zeltlager\/","title":{"rendered":"Behindertenzeltlager"},"content":{"rendered":"<div class=\"content_mitte\">\n<div class=\"content_mitte_oben\">\n<div class=\"csc-menu csc-menu-3\">\n<p>Das Behindertenzeltlager findet bereits seit 29 Jahren am Sch\u00e4ferhundeplatz in Hohenwart statt.<\/p>\n<p>Ca. 20 geistig oder k\u00f6rperlich beeintr\u00e4chtigte Kinder nehmen jedes Jahr an unserem Zeltlager teil. Dabei verbringen sie eine Woche mit 1 zu 1 Betreuung in Hohenwart.<\/p>\n<p>F\u00fcr das Zeltlager nehmen sich die ca. 30 Betreuer und das K\u00fcchenteam frei, um den Teilnehmern eine abwechslungsreiche Woche mit Erlebnissen bieten zu k\u00f6nnen, die im h\u00e4uslichen Umfeld nicht m\u00f6glich w\u00e4ren.<\/p>\n<h2>Behindertenzeltlager 2024<\/h2>\n<p>Im Jahr 2024 fanden sich 19 Teilnehmende und 40 Betreuende in Hohenwart zum 29. Behindertenzeltlager ein.<\/p>\n<p>Das Zeltlager stand in diesem Jahr ganz im Zeichen des \u201eDschungels\u201c. Die Betreuenden bastelten lebensgro\u00dfe Figuren, einen Safari-Jeep und studierten mit den Teilnehmenden zusammen einen Auftritt zu Hakuna Matata f\u00fcr den Elternabend ein. W\u00e4hrend der Woche durfte die Zeltlager-Gemeinschaft wieder mit der Wasserwacht Bootfahren in Perach, spielerische Ergotherapie mit Marina machen und es ging gemeinsam in den Wildpark Poing, wo der \u201eheimische Dschungel\u201c erkundet werden konnte.<\/p>\n<p><a href=\"https:\/\/www.jrk-altoetting.de\/wordpress\/wp-content\/uploads\/2025\/01\/Behindertenzeltlager_4_a0efab0bbb-scaled.jpg\"><img loading=\"lazy\" decoding=\"async\" class=\"alignnone size-medium wp-image-3154\" src=\"https:\/\/www.jrk-altoetting.de\/wordpress\/wp-content\/uploads\/2025\/01\/Behindertenzeltlager_4_a0efab0bbb-300x225.jpg\" alt=\"\" width=\"300\" height=\"225\" srcset=\"https:\/\/www.jrk-altoetting.de\/wordpress\/wp-content\/uploads\/2025\/01\/Behindertenzeltlager_4_a0efab0bbb-300x225.jpg 300w, https:\/\/www.jrk-altoetting.de\/wordpress\/wp-content\/uploads\/2025\/01\/Behindertenzeltlager_4_a0efab0bbb-1024x768.jpg 1024w, https:\/\/www.jrk-altoetting.de\/wordpress\/wp-content\/uploads\/2025\/01\/Behindertenzeltlager_4_a0efab0bbb-768x576.jpg 768w, https:\/\/www.jrk-altoetting.de\/wordpress\/wp-content\/uploads\/2025\/01\/Behindertenzeltlager_4_a0efab0bbb-1536x1152.jpg 1536w, https:\/\/www.jrk-altoetting.de\/wordpress\/wp-content\/uploads\/2025\/01\/Behindertenzeltlager_4_a0efab0bbb-2048x1536.jpg 2048w\" sizes=\"auto, (max-width: 300px) 100vw, 300px\" \/><\/a> <a href=\"https:\/\/www.jrk-altoetting.de\/wordpress\/wp-content\/uploads\/2025\/01\/Behindertenzeltlager_5_02e4b6f7-scaled.jpg\"><img loading=\"lazy\" decoding=\"async\" class=\"alignnone size-medium wp-image-3155\" src=\"https:\/\/www.jrk-altoetting.de\/wordpress\/wp-content\/uploads\/2025\/01\/Behindertenzeltlager_5_02e4b6f7-300x225.jpg\" alt=\"\" width=\"300\" height=\"225\" srcset=\"https:\/\/www.jrk-altoetting.de\/wordpress\/wp-content\/uploads\/2025\/01\/Behindertenzeltlager_5_02e4b6f7-300x225.jpg 300w, https:\/\/www.jrk-altoetting.de\/wordpress\/wp-content\/uploads\/2025\/01\/Behindertenzeltlager_5_02e4b6f7-1024x768.jpg 1024w, https:\/\/www.jrk-altoetting.de\/wordpress\/wp-content\/uploads\/2025\/01\/Behindertenzeltlager_5_02e4b6f7-768x576.jpg 768w, https:\/\/www.jrk-altoetting.de\/wordpress\/wp-content\/uploads\/2025\/01\/Behindertenzeltlager_5_02e4b6f7-1536x1152.jpg 1536w, https:\/\/www.jrk-altoetting.de\/wordpress\/wp-content\/uploads\/2025\/01\/Behindertenzeltlager_5_02e4b6f7-2048x1536.jpg 2048w\" sizes=\"auto, (max-width: 300px) 100vw, 300px\" \/><\/a> <a href=\"https:\/\/www.jrk-altoetting.de\/wordpress\/wp-content\/uploads\/2025\/01\/Behindertenzeltlager_5_02e4b6f7cc-scaled.jpg\"><img loading=\"lazy\" decoding=\"async\" class=\"alignnone size-medium wp-image-3156\" src=\"https:\/\/www.jrk-altoetting.de\/wordpress\/wp-content\/uploads\/2025\/01\/Behindertenzeltlager_5_02e4b6f7cc-300x225.jpg\" alt=\"\" width=\"300\" height=\"225\" srcset=\"https:\/\/www.jrk-altoetting.de\/wordpress\/wp-content\/uploads\/2025\/01\/Behindertenzeltlager_5_02e4b6f7cc-300x225.jpg 300w, https:\/\/www.jrk-altoetting.de\/wordpress\/wp-content\/uploads\/2025\/01\/Behindertenzeltlager_5_02e4b6f7cc-1024x768.jpg 1024w, https:\/\/www.jrk-altoetting.de\/wordpress\/wp-content\/uploads\/2025\/01\/Behindertenzeltlager_5_02e4b6f7cc-768x576.jpg 768w, https:\/\/www.jrk-altoetting.de\/wordpress\/wp-content\/uploads\/2025\/01\/Behindertenzeltlager_5_02e4b6f7cc-1536x1152.jpg 1536w, https:\/\/www.jrk-altoetting.de\/wordpress\/wp-content\/uploads\/2025\/01\/Behindertenzeltlager_5_02e4b6f7cc-2048x1536.jpg 2048w\" sizes=\"auto, (max-width: 300px) 100vw, 300px\" \/><\/a> <a href=\"https:\/\/www.jrk-altoetting.de\/wordpress\/wp-content\/uploads\/2025\/01\/Behindertenzeltlager_7_bdf2420845-scaled.jpg\"><img loading=\"lazy\" decoding=\"async\" class=\"alignnone size-medium wp-image-3157\" src=\"https:\/\/www.jrk-altoetting.de\/wordpress\/wp-content\/uploads\/2025\/01\/Behindertenzeltlager_7_bdf2420845-300x225.jpg\" alt=\"\" width=\"300\" height=\"225\" srcset=\"https:\/\/www.jrk-altoetting.de\/wordpress\/wp-content\/uploads\/2025\/01\/Behindertenzeltlager_7_bdf2420845-300x225.jpg 300w, https:\/\/www.jrk-altoetting.de\/wordpress\/wp-content\/uploads\/2025\/01\/Behindertenzeltlager_7_bdf2420845-1024x768.jpg 1024w, https:\/\/www.jrk-altoetting.de\/wordpress\/wp-content\/uploads\/2025\/01\/Behindertenzeltlager_7_bdf2420845-768x576.jpg 768w, https:\/\/www.jrk-altoetting.de\/wordpress\/wp-content\/uploads\/2025\/01\/Behindertenzeltlager_7_bdf2420845-1536x1152.jpg 1536w, https:\/\/www.jrk-altoetting.de\/wordpress\/wp-content\/uploads\/2025\/01\/Behindertenzeltlager_7_bdf2420845-2048x1536.jpg 2048w\" sizes=\"auto, (max-width: 300px) 100vw, 300px\" \/><\/a><\/p>\n<figure id=\"attachment_3153\" aria-describedby=\"caption-attachment-3153\" style=\"width: 2547px\" class=\"wp-caption alignnone\"><a href=\"https:\/\/www.jrk-altoetting.de\/wordpress\/wp-content\/uploads\/2025\/01\/Gruppenbild-1-scaled.jpg\"><img loading=\"lazy\" decoding=\"async\" class=\"wp-image-3153 size-full\" src=\"https:\/\/www.jrk-altoetting.de\/wordpress\/wp-content\/uploads\/2025\/01\/Gruppenbild-1-scaled-e1736338117978.jpg\" alt=\"\" width=\"2547\" height=\"1254\" srcset=\"https:\/\/www.jrk-altoetting.de\/wordpress\/wp-content\/uploads\/2025\/01\/Gruppenbild-1-scaled-e1736338117978.jpg 2547w, https:\/\/www.jrk-altoetting.de\/wordpress\/wp-content\/uploads\/2025\/01\/Gruppenbild-1-scaled-e1736338117978-300x148.jpg 300w, https:\/\/www.jrk-altoetting.de\/wordpress\/wp-content\/uploads\/2025\/01\/Gruppenbild-1-scaled-e1736338117978-1024x504.jpg 1024w, https:\/\/www.jrk-altoetting.de\/wordpress\/wp-content\/uploads\/2025\/01\/Gruppenbild-1-scaled-e1736338117978-768x378.jpg 768w, https:\/\/www.jrk-altoetting.de\/wordpress\/wp-content\/uploads\/2025\/01\/Gruppenbild-1-scaled-e1736338117978-1536x756.jpg 1536w, https:\/\/www.jrk-altoetting.de\/wordpress\/wp-content\/uploads\/2025\/01\/Gruppenbild-1-scaled-e1736338117978-2048x1008.jpg 2048w\" sizes=\"auto, (max-width: 767px) 89vw, (max-width: 1000px) 54vw, (max-width: 1071px) 543px, 580px\" \/><\/a><figcaption id=\"caption-attachment-3153\" class=\"wp-caption-text\">Gruppenfoto<\/figcaption><\/figure>\n<h2>Behindertenzeltlager 2023<\/h2>\n<p>Im Zeltlager 2023 konnten 20 Teilnehmende und 40 Betreuende unter dem Motto \u201eZirkus\u201c eine wundersch\u00f6ne Woche miteinander verbringen.<\/p>\n<p>Neben dem traditionellen Zeltlager-Wimpel Bemalen und der Bootsfahrt auf dem Inn mit der Wasserwacht standen in diesem Jahr auch jede Menge Bastel-Angebote zum Thema Zirkus sowie ein Ausflug in den Wildpark Oberreith auf dem Programm. Ein gro\u00dfes Highlight war auch der Besuch des Zirkusp\u00e4dagogen Markus. Sowohl Teilnehmende als auch Betreuende entdeckten versteckte Talente beim Teller drehen, \u00fcber Glasscherben laufen und Diablo werfen. Den kr\u00f6nenden Abschluss des sch\u00f6nen Nachmittags machte die spektakul\u00e4re Feuershow.<\/p>\n<\/div>\n<p><a href=\"https:\/\/www.jrk-altoetting.de\/wordpress\/wp-content\/uploads\/2025\/01\/20230803_120944-scaled.jpg\"><img loading=\"lazy\" decoding=\"async\" class=\"alignnone size-medium wp-image-3158\" src=\"https:\/\/www.jrk-altoetting.de\/wordpress\/wp-content\/uploads\/2025\/01\/20230803_120944-225x300.jpg\" alt=\"\" width=\"225\" height=\"300\" srcset=\"https:\/\/www.jrk-altoetting.de\/wordpress\/wp-content\/uploads\/2025\/01\/20230803_120944-225x300.jpg 225w, https:\/\/www.jrk-altoetting.de\/wordpress\/wp-content\/uploads\/2025\/01\/20230803_120944-768x1024.jpg 768w, https:\/\/www.jrk-altoetting.de\/wordpress\/wp-content\/uploads\/2025\/01\/20230803_120944-1152x1536.jpg 1152w, https:\/\/www.jrk-altoetting.de\/wordpress\/wp-content\/uploads\/2025\/01\/20230803_120944-1536x2048.jpg 1536w, https:\/\/www.jrk-altoetting.de\/wordpress\/wp-content\/uploads\/2025\/01\/20230803_120944-scaled.jpg 1920w\" sizes=\"auto, (max-width: 225px) 100vw, 225px\" \/><\/a> <a href=\"https:\/\/www.jrk-altoetting.de\/wordpress\/wp-content\/uploads\/2025\/01\/IMG_3414-scaled.jpg\"><img loading=\"lazy\" decoding=\"async\" class=\"alignnone size-medium wp-image-3159\" src=\"https:\/\/www.jrk-altoetting.de\/wordpress\/wp-content\/uploads\/2025\/01\/IMG_3414-300x200.jpg\" alt=\"\" width=\"300\" height=\"200\" srcset=\"https:\/\/www.jrk-altoetting.de\/wordpress\/wp-content\/uploads\/2025\/01\/IMG_3414-300x200.jpg 300w, https:\/\/www.jrk-altoetting.de\/wordpress\/wp-content\/uploads\/2025\/01\/IMG_3414-1024x683.jpg 1024w, https:\/\/www.jrk-altoetting.de\/wordpress\/wp-content\/uploads\/2025\/01\/IMG_3414-768x512.jpg 768w, https:\/\/www.jrk-altoetting.de\/wordpress\/wp-content\/uploads\/2025\/01\/IMG_3414-1536x1024.jpg 1536w, https:\/\/www.jrk-altoetting.de\/wordpress\/wp-content\/uploads\/2025\/01\/IMG_3414-2048x1365.jpg 2048w\" sizes=\"auto, (max-width: 300px) 100vw, 300px\" \/><\/a> <a href=\"https:\/\/www.jrk-altoetting.de\/wordpress\/wp-content\/uploads\/2025\/01\/IMG_3569-scaled.jpg\"><img loading=\"lazy\" decoding=\"async\" class=\"alignnone size-medium wp-image-3160\" src=\"https:\/\/www.jrk-altoetting.de\/wordpress\/wp-content\/uploads\/2025\/01\/IMG_3569-300x200.jpg\" alt=\"\" width=\"300\" height=\"200\" srcset=\"https:\/\/www.jrk-altoetting.de\/wordpress\/wp-content\/uploads\/2025\/01\/IMG_3569-300x200.jpg 300w, https:\/\/www.jrk-altoetting.de\/wordpress\/wp-content\/uploads\/2025\/01\/IMG_3569-1024x683.jpg 1024w, https:\/\/www.jrk-altoetting.de\/wordpress\/wp-content\/uploads\/2025\/01\/IMG_3569-768x512.jpg 768w, https:\/\/www.jrk-altoetting.de\/wordpress\/wp-content\/uploads\/2025\/01\/IMG_3569-1536x1024.jpg 1536w, https:\/\/www.jrk-altoetting.de\/wordpress\/wp-content\/uploads\/2025\/01\/IMG_3569-2048x1365.jpg 2048w\" sizes=\"auto, (max-width: 300px) 100vw, 300px\" \/><\/a> <a href=\"https:\/\/www.jrk-altoetting.de\/wordpress\/wp-content\/uploads\/2025\/01\/IMG_3612-scaled.jpg\"><img loading=\"lazy\" decoding=\"async\" class=\"alignnone size-medium wp-image-3161\" src=\"https:\/\/www.jrk-altoetting.de\/wordpress\/wp-content\/uploads\/2025\/01\/IMG_3612-300x200.jpg\" alt=\"\" width=\"300\" height=\"200\" srcset=\"https:\/\/www.jrk-altoetting.de\/wordpress\/wp-content\/uploads\/2025\/01\/IMG_3612-300x200.jpg 300w, https:\/\/www.jrk-altoetting.de\/wordpress\/wp-content\/uploads\/2025\/01\/IMG_3612-1024x683.jpg 1024w, https:\/\/www.jrk-altoetting.de\/wordpress\/wp-content\/uploads\/2025\/01\/IMG_3612-768x512.jpg 768w, https:\/\/www.jrk-altoetting.de\/wordpress\/wp-content\/uploads\/2025\/01\/IMG_3612-1536x1024.jpg 1536w, https:\/\/www.jrk-altoetting.de\/wordpress\/wp-content\/uploads\/2025\/01\/IMG_3612-2048x1365.jpg 2048w\" sizes=\"auto, (max-width: 300px) 100vw, 300px\" \/><\/a> <a href=\"https:\/\/www.jrk-altoetting.de\/wordpress\/wp-content\/uploads\/2025\/01\/IMG_3746-scaled.jpg\"><img loading=\"lazy\" decoding=\"async\" class=\"alignnone size-medium wp-image-3162\" src=\"https:\/\/www.jrk-altoetting.de\/wordpress\/wp-content\/uploads\/2025\/01\/IMG_3746-300x200.jpg\" alt=\"\" width=\"300\" height=\"200\" srcset=\"https:\/\/www.jrk-altoetting.de\/wordpress\/wp-content\/uploads\/2025\/01\/IMG_3746-300x200.jpg 300w, https:\/\/www.jrk-altoetting.de\/wordpress\/wp-content\/uploads\/2025\/01\/IMG_3746-1024x683.jpg 1024w, https:\/\/www.jrk-altoetting.de\/wordpress\/wp-content\/uploads\/2025\/01\/IMG_3746-768x512.jpg 768w, https:\/\/www.jrk-altoetting.de\/wordpress\/wp-content\/uploads\/2025\/01\/IMG_3746-1536x1024.jpg 1536w, https:\/\/www.jrk-altoetting.de\/wordpress\/wp-content\/uploads\/2025\/01\/IMG_3746-2048x1365.jpg 2048w\" sizes=\"auto, (max-width: 300px) 100vw, 300px\" \/><\/a> <a href=\"https:\/\/www.jrk-altoetting.de\/wordpress\/wp-content\/uploads\/2025\/01\/IMG_4255-scaled.jpg\"><img loading=\"lazy\" decoding=\"async\" class=\"alignnone size-medium wp-image-3163\" src=\"https:\/\/www.jrk-altoetting.de\/wordpress\/wp-content\/uploads\/2025\/01\/IMG_4255-300x200.jpg\" alt=\"\" width=\"300\" height=\"200\" srcset=\"https:\/\/www.jrk-altoetting.de\/wordpress\/wp-content\/uploads\/2025\/01\/IMG_4255-300x200.jpg 300w, https:\/\/www.jrk-altoetting.de\/wordpress\/wp-content\/uploads\/2025\/01\/IMG_4255-1024x683.jpg 1024w, https:\/\/www.jrk-altoetting.de\/wordpress\/wp-content\/uploads\/2025\/01\/IMG_4255-768x512.jpg 768w, https:\/\/www.jrk-altoetting.de\/wordpress\/wp-content\/uploads\/2025\/01\/IMG_4255-1536x1024.jpg 1536w, https:\/\/www.jrk-altoetting.de\/wordpress\/wp-content\/uploads\/2025\/01\/IMG_4255-2048x1365.jpg 2048w\" sizes=\"auto, (max-width: 300px) 100vw, 300px\" \/><\/a><\/p>\n<h2>Behindertenzeltlager 2022<\/h2>\n<p>Das Zeltlager 2022 stand unter dem Motto &#8222;Unterwasser&#8220;. Passend zum Thema konnten die 15 Teilnehmenden zusammen mit den Betreuenden den Umweltgarten Wiesm\u00fchl und die dortige Unterwasserwelt besuchen. Bei der spannenden F\u00fchrung lernten alle viel \u00fcber Natur, Umwelt und Tiere. Nat\u00fcrlich standen auch das traditionelle Bootfahren mit den Wasserwachten in Perach sowie diverse Freibad-Besuche auf dem Programm. Beim Beh\u00f6rdentag besuchten die Rettungshundestaffel, die Feuerwehr Burgkirchen, die Schnelle Einsatzgruppe (SEG) und die Motorradstreife den Zeltplatz. Ein Highlight war auch das Motorrad mit Beiwagen, in dem die Teilnehmenden von Karl Seemann eine Runde um den Zeltplatz gefahren wurden. Beim Abschlussabend waren viele Eltern und Ehreng\u00e4ste anwesend. Alle waren sich einig, dass es auch in diesem Jahr eine aufregende Woche war, die ohne die Unterst\u00fctzung der vielen ehrenamtlichen Helfer:innen nicht m\u00f6glich gewesen w\u00e4re.<\/p>\n<\/div>\n<p><img loading=\"lazy\" decoding=\"async\" class=\"alignnone  wp-image-2875\" src=\"https:\/\/www.jrk-altoetting.de\/wordpress\/wp-content\/uploads\/2023\/03\/20220730_210547-1-scaled.jpg\" alt=\"\" width=\"334\" height=\"251\" srcset=\"https:\/\/www.jrk-altoetting.de\/wordpress\/wp-content\/uploads\/2023\/03\/20220730_210547-1-scaled.jpg 2560w, https:\/\/www.jrk-altoetting.de\/wordpress\/wp-content\/uploads\/2023\/03\/20220730_210547-1-300x225.jpg 300w, https:\/\/www.jrk-altoetting.de\/wordpress\/wp-content\/uploads\/2023\/03\/20220730_210547-1-1024x768.jpg 1024w, https:\/\/www.jrk-altoetting.de\/wordpress\/wp-content\/uploads\/2023\/03\/20220730_210547-1-768x576.jpg 768w, https:\/\/www.jrk-altoetting.de\/wordpress\/wp-content\/uploads\/2023\/03\/20220730_210547-1-1536x1152.jpg 1536w, https:\/\/www.jrk-altoetting.de\/wordpress\/wp-content\/uploads\/2023\/03\/20220730_210547-1-2048x1536.jpg 2048w\" sizes=\"auto, (max-width: 334px) 100vw, 334px\" \/> <img loading=\"lazy\" decoding=\"async\" class=\"wp-image-2878 alignnone\" src=\"https:\/\/www.jrk-altoetting.de\/wordpress\/wp-content\/uploads\/2023\/03\/20220731_093054-1-scaled.jpg\" alt=\"\" width=\"309\" height=\"290\" srcset=\"https:\/\/www.jrk-altoetting.de\/wordpress\/wp-content\/uploads\/2023\/03\/20220731_093054-1-scaled.jpg 2560w, https:\/\/www.jrk-altoetting.de\/wordpress\/wp-content\/uploads\/2023\/03\/20220731_093054-1-300x281.jpg 300w, https:\/\/www.jrk-altoetting.de\/wordpress\/wp-content\/uploads\/2023\/03\/20220731_093054-1-1024x959.jpg 1024w, https:\/\/www.jrk-altoetting.de\/wordpress\/wp-content\/uploads\/2023\/03\/20220731_093054-1-768x720.jpg 768w, https:\/\/www.jrk-altoetting.de\/wordpress\/wp-content\/uploads\/2023\/03\/20220731_093054-1-1536x1439.jpg 1536w, https:\/\/www.jrk-altoetting.de\/wordpress\/wp-content\/uploads\/2023\/03\/20220731_093054-1-2048x1919.jpg 2048w\" sizes=\"auto, (max-width: 309px) 100vw, 309px\" \/><img loading=\"lazy\" decoding=\"async\" class=\"alignnone  wp-image-2874\" src=\"https:\/\/www.jrk-altoetting.de\/wordpress\/wp-content\/uploads\/2023\/03\/IMG_2500-scaled.jpg\" alt=\"\" width=\"329\" height=\"219\" srcset=\"https:\/\/www.jrk-altoetting.de\/wordpress\/wp-content\/uploads\/2023\/03\/IMG_2500-scaled.jpg 2560w, https:\/\/www.jrk-altoetting.de\/wordpress\/wp-content\/uploads\/2023\/03\/IMG_2500-300x200.jpg 300w, https:\/\/www.jrk-altoetting.de\/wordpress\/wp-content\/uploads\/2023\/03\/IMG_2500-1024x683.jpg 1024w, https:\/\/www.jrk-altoetting.de\/wordpress\/wp-content\/uploads\/2023\/03\/IMG_2500-768x512.jpg 768w, https:\/\/www.jrk-altoetting.de\/wordpress\/wp-content\/uploads\/2023\/03\/IMG_2500-1536x1024.jpg 1536w, https:\/\/www.jrk-altoetting.de\/wordpress\/wp-content\/uploads\/2023\/03\/IMG_2500-2048x1365.jpg 2048w\" sizes=\"auto, (max-width: 329px) 100vw, 329px\" \/><img loading=\"lazy\" decoding=\"async\" class=\"alignnone  wp-image-2873\" src=\"https:\/\/www.jrk-altoetting.de\/wordpress\/wp-content\/uploads\/2023\/03\/IMG_3176-scaled.jpg\" alt=\"\" width=\"332\" height=\"221\" srcset=\"https:\/\/www.jrk-altoetting.de\/wordpress\/wp-content\/uploads\/2023\/03\/IMG_3176-scaled.jpg 2560w, https:\/\/www.jrk-altoetting.de\/wordpress\/wp-content\/uploads\/2023\/03\/IMG_3176-300x200.jpg 300w, https:\/\/www.jrk-altoetting.de\/wordpress\/wp-content\/uploads\/2023\/03\/IMG_3176-1024x683.jpg 1024w, https:\/\/www.jrk-altoetting.de\/wordpress\/wp-content\/uploads\/2023\/03\/IMG_3176-768x512.jpg 768w, https:\/\/www.jrk-altoetting.de\/wordpress\/wp-content\/uploads\/2023\/03\/IMG_3176-1536x1024.jpg 1536w, https:\/\/www.jrk-altoetting.de\/wordpress\/wp-content\/uploads\/2023\/03\/IMG_3176-2048x1365.jpg 2048w\" sizes=\"auto, (max-width: 332px) 100vw, 332px\" \/><\/p>\n<div class=\"content_mitte_oben\">\n<h2>Behindertenzeltlager-Tag 2021<\/h2>\n<p>Nachdem das Zeltlager aufgrund der Corona-Pandemie leider in den Jahren 2020 und 2021 nicht wie gewohnt stattfinden konnte, haben wir uns im Jahr 2021 dazu entschieden, einen gemeinsamen Tag zu verbringen, nachdem die Regeln dies wieder zulie\u00dfen.<\/p>\n<p>Der Tag stand unter dem Motto &#8222;Schatzsuche&#8220;. Jeder Teilnehmende bekam zu Beginn ein St\u00fcck einer Schatzkarte und bei verschiedenen Stationen konnten Stempel gesammelt werden. Zum Schluss wurde der Schatz in der N\u00e4he des Zeltplatzes gefunden und die s\u00fc\u00dfe Beute konnte unter allen verteilt werden.<\/p>\n<\/div>\n<p style=\"text-align: center;\"><img loading=\"lazy\" decoding=\"async\" class=\"alignnone  wp-image-2868\" src=\"https:\/\/www.jrk-altoetting.de\/wordpress\/wp-content\/uploads\/2023\/03\/IMG_0901-scaled.jpg\" alt=\"\" width=\"203\" height=\"330\" srcset=\"https:\/\/www.jrk-altoetting.de\/wordpress\/wp-content\/uploads\/2023\/03\/IMG_0901-scaled.jpg 1573w, https:\/\/www.jrk-altoetting.de\/wordpress\/wp-content\/uploads\/2023\/03\/IMG_0901-184x300.jpg 184w, https:\/\/www.jrk-altoetting.de\/wordpress\/wp-content\/uploads\/2023\/03\/IMG_0901-629x1024.jpg 629w, https:\/\/www.jrk-altoetting.de\/wordpress\/wp-content\/uploads\/2023\/03\/IMG_0901-768x1250.jpg 768w, https:\/\/www.jrk-altoetting.de\/wordpress\/wp-content\/uploads\/2023\/03\/IMG_0901-944x1536.jpg 944w, https:\/\/www.jrk-altoetting.de\/wordpress\/wp-content\/uploads\/2023\/03\/IMG_0901-1258x2048.jpg 1258w\" sizes=\"auto, (max-width: 203px) 100vw, 203px\" \/> <img loading=\"lazy\" decoding=\"async\" class=\"alignnone  wp-image-2869\" src=\"https:\/\/www.jrk-altoetting.de\/wordpress\/wp-content\/uploads\/2023\/03\/IMG_0906-scaled.jpg\" alt=\"\" width=\"246\" height=\"328\" srcset=\"https:\/\/www.jrk-altoetting.de\/wordpress\/wp-content\/uploads\/2023\/03\/IMG_0906-scaled.jpg 1920w, https:\/\/www.jrk-altoetting.de\/wordpress\/wp-content\/uploads\/2023\/03\/IMG_0906-225x300.jpg 225w, https:\/\/www.jrk-altoetting.de\/wordpress\/wp-content\/uploads\/2023\/03\/IMG_0906-768x1024.jpg 768w, https:\/\/www.jrk-altoetting.de\/wordpress\/wp-content\/uploads\/2023\/03\/IMG_0906-1152x1536.jpg 1152w, https:\/\/www.jrk-altoetting.de\/wordpress\/wp-content\/uploads\/2023\/03\/IMG_0906-1536x2048.jpg 1536w\" sizes=\"auto, (max-width: 246px) 100vw, 246px\" \/><\/p>\n<div class=\"content_mitte_oben\">\n<h2>Behindertenzeltlager 2019<\/h2>\n<p>Traditionell fand das Zeltlager auch dieses Jahr in der ersten Sommerferien-Woche statt. Neu dieses Jahr war vor allem eins &#8211; das Organisations-Team. Viele altbew\u00e4hrte Aktionen und Regeln blieben gleich, es gab jedoch auch einige Neuerungen.<\/p>\n<p>Das Zeltlager stand in diesem Jahr unter dem Motto &#8222;Indianer&#8220;. Passend dazu wurden der Zeltlagerwimpel bemalt, Marterpf\u00e4hle geschnitzt und das Anschleichen und Spuren lesen ge\u00fcbt. Wie jedes Jahr konnten wir auch wieder mit der Wasserwacht in Perach Boot fahren und sangen am Lagerfeuer. Alles in allem war das Zeltlager wieder ein voller Erfolg und alle freuen sich bereits auf das n\u00e4chste Jahr.<\/p>\n<p><img loading=\"lazy\" decoding=\"async\" class=\"alignnone size-full wp-image-2003\" src=\"https:\/\/www.jrk-altoetting.de\/wordpress\/wp-content\/uploads\/2020\/01\/Gruppenbild_1_bearbeitet-scaled.jpg\" alt=\"\" width=\"2560\" height=\"1707\" srcset=\"https:\/\/www.jrk-altoetting.de\/wordpress\/wp-content\/uploads\/2020\/01\/Gruppenbild_1_bearbeitet-scaled.jpg 2560w, https:\/\/www.jrk-altoetting.de\/wordpress\/wp-content\/uploads\/2020\/01\/Gruppenbild_1_bearbeitet-300x200.jpg 300w, https:\/\/www.jrk-altoetting.de\/wordpress\/wp-content\/uploads\/2020\/01\/Gruppenbild_1_bearbeitet-1024x683.jpg 1024w, https:\/\/www.jrk-altoetting.de\/wordpress\/wp-content\/uploads\/2020\/01\/Gruppenbild_1_bearbeitet-768x512.jpg 768w, https:\/\/www.jrk-altoetting.de\/wordpress\/wp-content\/uploads\/2020\/01\/Gruppenbild_1_bearbeitet-1536x1024.jpg 1536w, https:\/\/www.jrk-altoetting.de\/wordpress\/wp-content\/uploads\/2020\/01\/Gruppenbild_1_bearbeitet-2048x1365.jpg 2048w\" sizes=\"auto, (max-width: 767px) 89vw, (max-width: 1000px) 54vw, (max-width: 1071px) 543px, 580px\" \/><\/p>\n<p><img loading=\"lazy\" decoding=\"async\" class=\" wp-image-2002\" src=\"https:\/\/www.jrk-altoetting.de\/wordpress\/wp-content\/uploads\/2020\/01\/GOPR4581-scaled.jpg\" alt=\"\" width=\"283\" height=\"212\" srcset=\"https:\/\/www.jrk-altoetting.de\/wordpress\/wp-content\/uploads\/2020\/01\/GOPR4581-scaled.jpg 2560w, https:\/\/www.jrk-altoetting.de\/wordpress\/wp-content\/uploads\/2020\/01\/GOPR4581-300x225.jpg 300w, https:\/\/www.jrk-altoetting.de\/wordpress\/wp-content\/uploads\/2020\/01\/GOPR4581-1024x768.jpg 1024w, https:\/\/www.jrk-altoetting.de\/wordpress\/wp-content\/uploads\/2020\/01\/GOPR4581-768x576.jpg 768w, https:\/\/www.jrk-altoetting.de\/wordpress\/wp-content\/uploads\/2020\/01\/GOPR4581-1536x1152.jpg 1536w, https:\/\/www.jrk-altoetting.de\/wordpress\/wp-content\/uploads\/2020\/01\/GOPR4581-2048x1536.jpg 2048w\" sizes=\"auto, (max-width: 283px) 100vw, 283px\" \/><img loading=\"lazy\" decoding=\"async\" class=\"alignnone  wp-image-2004\" src=\"https:\/\/www.jrk-altoetting.de\/wordpress\/wp-content\/uploads\/2020\/01\/IMG_1629-scaled.jpg\" alt=\"\" width=\"141\" height=\"212\" srcset=\"https:\/\/www.jrk-altoetting.de\/wordpress\/wp-content\/uploads\/2020\/01\/IMG_1629-scaled.jpg 1707w, https:\/\/www.jrk-altoetting.de\/wordpress\/wp-content\/uploads\/2020\/01\/IMG_1629-200x300.jpg 200w, https:\/\/www.jrk-altoetting.de\/wordpress\/wp-content\/uploads\/2020\/01\/IMG_1629-683x1024.jpg 683w, https:\/\/www.jrk-altoetting.de\/wordpress\/wp-content\/uploads\/2020\/01\/IMG_1629-768x1152.jpg 768w, https:\/\/www.jrk-altoetting.de\/wordpress\/wp-content\/uploads\/2020\/01\/IMG_1629-1024x1536.jpg 1024w, https:\/\/www.jrk-altoetting.de\/wordpress\/wp-content\/uploads\/2020\/01\/IMG_1629-1365x2048.jpg 1365w\" sizes=\"auto, (max-width: 141px) 100vw, 141px\" \/><img loading=\"lazy\" decoding=\"async\" class=\"alignnone  wp-image-2006\" src=\"https:\/\/www.jrk-altoetting.de\/wordpress\/wp-content\/uploads\/2020\/01\/IMG_2385-scaled.jpg\" alt=\"\" width=\"161\" height=\"214\" srcset=\"https:\/\/www.jrk-altoetting.de\/wordpress\/wp-content\/uploads\/2020\/01\/IMG_2385-scaled.jpg 1920w, https:\/\/www.jrk-altoetting.de\/wordpress\/wp-content\/uploads\/2020\/01\/IMG_2385-225x300.jpg 225w, https:\/\/www.jrk-altoetting.de\/wordpress\/wp-content\/uploads\/2020\/01\/IMG_2385-768x1024.jpg 768w, https:\/\/www.jrk-altoetting.de\/wordpress\/wp-content\/uploads\/2020\/01\/IMG_2385-1152x1536.jpg 1152w, https:\/\/www.jrk-altoetting.de\/wordpress\/wp-content\/uploads\/2020\/01\/IMG_2385-1536x2048.jpg 1536w\" sizes=\"auto, (max-width: 161px) 100vw, 161px\" \/><\/p>\n<p><img loading=\"lazy\" decoding=\"async\" class=\"alignnone  wp-image-2005\" src=\"https:\/\/www.jrk-altoetting.de\/wordpress\/wp-content\/uploads\/2020\/01\/IMG_1657-scaled.jpg\" alt=\"\" width=\"583\" height=\"388\" srcset=\"https:\/\/www.jrk-altoetting.de\/wordpress\/wp-content\/uploads\/2020\/01\/IMG_1657-scaled.jpg 2560w, https:\/\/www.jrk-altoetting.de\/wordpress\/wp-content\/uploads\/2020\/01\/IMG_1657-300x200.jpg 300w, https:\/\/www.jrk-altoetting.de\/wordpress\/wp-content\/uploads\/2020\/01\/IMG_1657-1024x683.jpg 1024w, https:\/\/www.jrk-altoetting.de\/wordpress\/wp-content\/uploads\/2020\/01\/IMG_1657-768x512.jpg 768w, https:\/\/www.jrk-altoetting.de\/wordpress\/wp-content\/uploads\/2020\/01\/IMG_1657-1536x1024.jpg 1536w, https:\/\/www.jrk-altoetting.de\/wordpress\/wp-content\/uploads\/2020\/01\/IMG_1657-2048x1365.jpg 2048w\" sizes=\"auto, (max-width: 583px) 100vw, 583px\" \/><\/p>\n<h2>Behindertenzeltlager 2018<\/h2>\n<p>Auch in diesem Jahr konnten Anfang August wieder 20 Kinder und Jugendliche mit geistiger oder k\u00f6rperlicher Behinderung eine aufregende Woche in Hohenwart verbringen. Zum 25. Mal veranstaltete der Kreisverband Alt\u00f6tting das Zeltlager am Sch\u00e4ferhundeplatz &#8211; dieses Jahr unter dem Motto &#8222;Piraten&#8220;.<\/p>\n<p>Ein Highlight der Woche \u2013 und nach unz\u00e4hligen Jahren bereits fester Bestandteil des Zeltlagers \u2013 war der Ausflug zum Motorboot fahren nach Perach. Besonders sch\u00f6n war der Tag auf Werners Ponyhof in Oberholzhausen. F\u00fcr Gro\u00df und Klein war jede Menge geboten.<\/p>\n<p>F\u00fcr viele \u00fcberraschend verk\u00fcndete das Leitungsteam, dass dies das letzte Behindertenzeltlager unter deren Leitung war. Corinna Ammer, More Meier und Stefan Weindl \u00fcbernahmen jahrzehntelang die Verantwortung f\u00fcr das Zeltlager und organisierten alles von A bis Z. Wie so oft liefen viele organisatorische Dinge im Hintergrund oder \u201eeinfach mal schnell nebenbei\u201c und selbstverst\u00e4ndlich. Daf\u00fcr bleibt nur zu sagen: VIELEN DANK!<\/p>\n<p><img loading=\"lazy\" decoding=\"async\" class=\"alignnone size-full wp-image-1710\" src=\"https:\/\/www.jrk-altoetting.de\/wordpress\/wp-content\/uploads\/2019\/01\/38473790_2033565316708511_3346079230696882176_n.jpg\" alt=\"\" width=\"960\" height=\"640\" srcset=\"https:\/\/www.jrk-altoetting.de\/wordpress\/wp-content\/uploads\/2019\/01\/38473790_2033565316708511_3346079230696882176_n.jpg 960w, https:\/\/www.jrk-altoetting.de\/wordpress\/wp-content\/uploads\/2019\/01\/38473790_2033565316708511_3346079230696882176_n-300x200.jpg 300w, https:\/\/www.jrk-altoetting.de\/wordpress\/wp-content\/uploads\/2019\/01\/38473790_2033565316708511_3346079230696882176_n-768x512.jpg 768w, https:\/\/www.jrk-altoetting.de\/wordpress\/wp-content\/uploads\/2019\/01\/38473790_2033565316708511_3346079230696882176_n-624x416.jpg 624w\" sizes=\"auto, (max-width: 767px) 89vw, (max-width: 1000px) 54vw, (max-width: 1071px) 543px, 580px\" \/><\/p>\n<h2>Behindertenzeltlager 2017<\/h2>\n<p><a href=\"https:\/\/www.jrk-altoetting.de\/wordpress\/wp-content\/uploads\/2018\/04\/Gruppenfoto.jpg\"><img loading=\"lazy\" decoding=\"async\" class=\"alignnone wp-image-1474 size-large\" src=\"https:\/\/www.jrk-altoetting.de\/wordpress\/wp-content\/uploads\/2018\/04\/Gruppenfoto-1024x683.jpg\" alt=\"\" width=\"625\" height=\"417\" srcset=\"https:\/\/www.jrk-altoetting.de\/wordpress\/wp-content\/uploads\/2018\/04\/Gruppenfoto-1024x683.jpg 1024w, https:\/\/www.jrk-altoetting.de\/wordpress\/wp-content\/uploads\/2018\/04\/Gruppenfoto-300x200.jpg 300w, https:\/\/www.jrk-altoetting.de\/wordpress\/wp-content\/uploads\/2018\/04\/Gruppenfoto-768x512.jpg 768w, https:\/\/www.jrk-altoetting.de\/wordpress\/wp-content\/uploads\/2018\/04\/Gruppenfoto-624x416.jpg 624w\" sizes=\"auto, (max-width: 625px) 100vw, 625px\" \/><\/a><\/p>\n<p><a href=\"https:\/\/www.jrk-altoetting.de\/wordpress\/wp-content\/uploads\/2018\/04\/IMG_1370.jpg\"><img loading=\"lazy\" decoding=\"async\" class=\"alignnone size-medium wp-image-1478\" src=\"https:\/\/www.jrk-altoetting.de\/wordpress\/wp-content\/uploads\/2018\/04\/IMG_1370-300x200.jpg\" alt=\"\" width=\"300\" height=\"200\" srcset=\"https:\/\/www.jrk-altoetting.de\/wordpress\/wp-content\/uploads\/2018\/04\/IMG_1370-300x200.jpg 300w, https:\/\/www.jrk-altoetting.de\/wordpress\/wp-content\/uploads\/2018\/04\/IMG_1370-768x512.jpg 768w, https:\/\/www.jrk-altoetting.de\/wordpress\/wp-content\/uploads\/2018\/04\/IMG_1370-1024x683.jpg 1024w, https:\/\/www.jrk-altoetting.de\/wordpress\/wp-content\/uploads\/2018\/04\/IMG_1370-624x416.jpg 624w\" sizes=\"auto, (max-width: 300px) 100vw, 300px\" \/><\/a> <a href=\"https:\/\/www.jrk-altoetting.de\/wordpress\/wp-content\/uploads\/2018\/04\/IMG_1931.jpg\"><img loading=\"lazy\" decoding=\"async\" class=\"alignnone size-medium wp-image-1479\" src=\"https:\/\/www.jrk-altoetting.de\/wordpress\/wp-content\/uploads\/2018\/04\/IMG_1931-300x200.jpg\" alt=\"\" width=\"300\" height=\"200\" srcset=\"https:\/\/www.jrk-altoetting.de\/wordpress\/wp-content\/uploads\/2018\/04\/IMG_1931-300x200.jpg 300w, https:\/\/www.jrk-altoetting.de\/wordpress\/wp-content\/uploads\/2018\/04\/IMG_1931-768x512.jpg 768w, https:\/\/www.jrk-altoetting.de\/wordpress\/wp-content\/uploads\/2018\/04\/IMG_1931-1024x683.jpg 1024w, https:\/\/www.jrk-altoetting.de\/wordpress\/wp-content\/uploads\/2018\/04\/IMG_1931-624x416.jpg 624w\" sizes=\"auto, (max-width: 300px) 100vw, 300px\" \/><\/a><a href=\"https:\/\/www.jrk-altoetting.de\/wordpress\/wp-content\/uploads\/2018\/04\/DSC8558.jpg\"><img loading=\"lazy\" decoding=\"async\" class=\"alignnone size-medium wp-image-1477\" src=\"https:\/\/www.jrk-altoetting.de\/wordpress\/wp-content\/uploads\/2018\/04\/DSC8558-300x199.jpg\" alt=\"\" width=\"300\" height=\"199\" srcset=\"https:\/\/www.jrk-altoetting.de\/wordpress\/wp-content\/uploads\/2018\/04\/DSC8558-300x199.jpg 300w, https:\/\/www.jrk-altoetting.de\/wordpress\/wp-content\/uploads\/2018\/04\/DSC8558-768x510.jpg 768w, https:\/\/www.jrk-altoetting.de\/wordpress\/wp-content\/uploads\/2018\/04\/DSC8558-1024x680.jpg 1024w, https:\/\/www.jrk-altoetting.de\/wordpress\/wp-content\/uploads\/2018\/04\/DSC8558-624x415.jpg 624w\" sizes=\"auto, (max-width: 300px) 100vw, 300px\" \/><\/a><a href=\"https:\/\/www.jrk-altoetting.de\/wordpress\/wp-content\/uploads\/2018\/04\/IMG_1426.jpg\"><img loading=\"lazy\" decoding=\"async\" class=\"alignnone size-medium wp-image-1475\" src=\"https:\/\/www.jrk-altoetting.de\/wordpress\/wp-content\/uploads\/2018\/04\/IMG_1426-300x200.jpg\" alt=\"\" width=\"300\" height=\"200\" srcset=\"https:\/\/www.jrk-altoetting.de\/wordpress\/wp-content\/uploads\/2018\/04\/IMG_1426-300x200.jpg 300w, https:\/\/www.jrk-altoetting.de\/wordpress\/wp-content\/uploads\/2018\/04\/IMG_1426-768x512.jpg 768w, https:\/\/www.jrk-altoetting.de\/wordpress\/wp-content\/uploads\/2018\/04\/IMG_1426-1024x683.jpg 1024w, https:\/\/www.jrk-altoetting.de\/wordpress\/wp-content\/uploads\/2018\/04\/IMG_1426-624x416.jpg 624w\" sizes=\"auto, (max-width: 300px) 100vw, 300px\" \/><\/a><\/p>\n<div class=\"csc-menu csc-menu-3\">\n<h2>Behindertenzeltlager 2016<\/h2>\n<figure id=\"attachment_1187\" aria-describedby=\"caption-attachment-1187\" style=\"width: 625px\" class=\"wp-caption alignleft\"><img loading=\"lazy\" decoding=\"async\" class=\"wp-image-1187 size-large\" src=\"https:\/\/www.jrk-altoetting.de\/wordpress\/wp-content\/uploads\/2015\/06\/JRKKVAOE_20160803_091127-1024x680.jpg\" alt=\"\" width=\"625\" height=\"415\" srcset=\"https:\/\/www.jrk-altoetting.de\/wordpress\/wp-content\/uploads\/2015\/06\/JRKKVAOE_20160803_091127-1024x680.jpg 1024w, https:\/\/www.jrk-altoetting.de\/wordpress\/wp-content\/uploads\/2015\/06\/JRKKVAOE_20160803_091127-300x199.jpg 300w, https:\/\/www.jrk-altoetting.de\/wordpress\/wp-content\/uploads\/2015\/06\/JRKKVAOE_20160803_091127-768x510.jpg 768w, https:\/\/www.jrk-altoetting.de\/wordpress\/wp-content\/uploads\/2015\/06\/JRKKVAOE_20160803_091127-624x415.jpg 624w\" sizes=\"auto, (max-width: 625px) 100vw, 625px\" \/><figcaption id=\"caption-attachment-1187\" class=\"wp-caption-text\">Gruppenbild Behindertenzeltlager mit dem Motto: Asterix &amp; Obelix<\/figcaption><\/figure>\n<figure id=\"attachment_1188\" aria-describedby=\"caption-attachment-1188\" style=\"width: 625px\" class=\"wp-caption alignleft\"><img loading=\"lazy\" decoding=\"async\" class=\"wp-image-1188 size-large\" src=\"https:\/\/www.jrk-altoetting.de\/wordpress\/wp-content\/uploads\/2015\/06\/JRKKVAOE_20160731_100838-1024x680.jpg\" alt=\"\" width=\"625\" height=\"415\" srcset=\"https:\/\/www.jrk-altoetting.de\/wordpress\/wp-content\/uploads\/2015\/06\/JRKKVAOE_20160731_100838-1024x680.jpg 1024w, https:\/\/www.jrk-altoetting.de\/wordpress\/wp-content\/uploads\/2015\/06\/JRKKVAOE_20160731_100838-300x199.jpg 300w, https:\/\/www.jrk-altoetting.de\/wordpress\/wp-content\/uploads\/2015\/06\/JRKKVAOE_20160731_100838-768x510.jpg 768w, https:\/\/www.jrk-altoetting.de\/wordpress\/wp-content\/uploads\/2015\/06\/JRKKVAOE_20160731_100838-624x415.jpg 624w\" sizes=\"auto, (max-width: 625px) 100vw, 625px\" \/><figcaption id=\"caption-attachment-1188\" class=\"wp-caption-text\">Basteln eines eigenen Hinkelsteins<\/figcaption><\/figure>\n<h2>Behindertenzeltlager 2015<\/h2>\n<figure id=\"attachment_418\" aria-describedby=\"caption-attachment-418\" style=\"width: 625px\" class=\"wp-caption alignnone\"><a href=\"http:\/\/www.wordpress.jrk-altoetting.de\/wordpress\/wp-content\/uploads\/2015\/06\/P1050508-e1439194473354.jpg\"><img loading=\"lazy\" decoding=\"async\" class=\"wp-image-418 size-large\" src=\"https:\/\/www.jrk-altoetting.de\/wordpress\/wp-content\/uploads\/2015\/06\/P1050508-1024x768.jpg\" alt=\"Fotoimpressionen f\u00fcr Eltern und G\u00e4ste am Abschlussabend\" width=\"625\" height=\"469\"><\/a><figcaption id=\"caption-attachment-418\" class=\"wp-caption-text\">Fotoimpressionen f\u00fcr Eltern und G\u00e4ste am Abschlussabend<\/figcaption><\/figure>\n<figure id=\"attachment_419\" aria-describedby=\"caption-attachment-419\" style=\"width: 625px\" class=\"wp-caption alignnone\"><a href=\"http:\/\/www.wordpress.jrk-altoetting.de\/wordpress\/wp-content\/uploads\/2015\/06\/P1050478-e1439194619491.jpg\"><img loading=\"lazy\" decoding=\"async\" class=\"wp-image-419 size-large\" src=\"https:\/\/www.jrk-altoetting.de\/wordpress\/wp-content\/uploads\/2015\/06\/P1050478-1024x768.jpg\" alt=\"Gemeinsam Basteln, Malen und Spa\u00df haben: Behindertenzeltlager 2015\" width=\"625\" height=\"469\"><\/a><figcaption id=\"caption-attachment-419\" class=\"wp-caption-text\">Gemeinsam Basteln, Malen und Spa\u00df haben: Behindertenzeltlager 2015<\/figcaption><\/figure>\n<p>Das Motto 2015 waren die 1970er-Jahre. Basteln von Discokugeln, T-Shirts batiken, Stirnb\u00e4nder machen und Grasgesichter pflanzen&#8230;<\/p>\n<h2>Behindertenzeltlager 2014<\/h2>\n<figure id=\"attachment_434\" aria-describedby=\"caption-attachment-434\" style=\"width: 283px\" class=\"wp-caption alignleft\"><img loading=\"lazy\" decoding=\"async\" class=\"wp-image-434 \" src=\"https:\/\/www.jrk-altoetting.de\/wordpress\/wp-content\/uploads\/2015\/06\/DSC7261-199x300.jpg\" alt=\"Bild Banner\" width=\"283\" height=\"427\" srcset=\"https:\/\/www.jrk-altoetting.de\/wordpress\/wp-content\/uploads\/2015\/06\/DSC7261-199x300.jpg 199w, https:\/\/www.jrk-altoetting.de\/wordpress\/wp-content\/uploads\/2015\/06\/DSC7261-680x1024.jpg 680w, https:\/\/www.jrk-altoetting.de\/wordpress\/wp-content\/uploads\/2015\/06\/DSC7261-624x939.jpg 624w\" sizes=\"auto, (max-width: 283px) 100vw, 283px\" \/><figcaption id=\"caption-attachment-434\" class=\"wp-caption-text\">Motto des Zeltlagers: Zwerge<\/figcaption><\/figure>\n<figure id=\"attachment_436\" aria-describedby=\"caption-attachment-436\" style=\"width: 282px\" class=\"wp-caption alignleft\"><img loading=\"lazy\" decoding=\"async\" class=\"wp-image-436 \" src=\"https:\/\/www.jrk-altoetting.de\/wordpress\/wp-content\/uploads\/2015\/06\/Bobfahren-als-Schlechtwetterprogramm-199x300.jpg\" alt=\"\" width=\"282\" height=\"425\" srcset=\"https:\/\/www.jrk-altoetting.de\/wordpress\/wp-content\/uploads\/2015\/06\/Bobfahren-als-Schlechtwetterprogramm-199x300.jpg 199w, https:\/\/www.jrk-altoetting.de\/wordpress\/wp-content\/uploads\/2015\/06\/Bobfahren-als-Schlechtwetterprogramm-680x1024.jpg 680w, https:\/\/www.jrk-altoetting.de\/wordpress\/wp-content\/uploads\/2015\/06\/Bobfahren-als-Schlechtwetterprogramm-624x940.jpg 624w\" sizes=\"auto, (max-width: 282px) 100vw, 282px\" \/><figcaption id=\"caption-attachment-436\" class=\"wp-caption-text\">Bobfahren als Schlechtwetterprogramm<\/figcaption><\/figure>\n<\/div>\n<div class=\"csc-textpic csc-textpic-intext-right\">&nbsp;<\/div>\n<\/div>\n<\/div>\n<p><!--more--><\/p>\n","protected":false},"excerpt":{"rendered":"<p>Das Behindertenzeltlager findet bereits seit 29 Jahren am Sch\u00e4ferhundeplatz in Hohenwart statt. Ca. 20 geistig oder k\u00f6rperlich beeintr\u00e4chtigte Kinder nehmen jedes Jahr an unserem Zeltlager teil. Dabei verbringen sie eine Woche mit 1 zu 1 Betreuung in Hohenwart. F\u00fcr das Zeltlager nehmen sich die ca. 30 Betreuer und das K\u00fcchenteam frei, um den Teilnehmern eine &hellip; <\/p>\n<p class=\"link-more\"><a href=\"https:\/\/www.jrk-altoetting.de\/wordpress\/ausfluege\/zeltlager\/\" class=\"more-link\"><span class=\"screen-reader-text\">\u201eBehindertenzeltlager\u201c <\/span>weiterlesen<\/a><\/p>\n","protected":false},"author":6,"featured_media":0,"parent":67,"menu_order":2,"comment_status":"closed","ping_status":"closed","template":"","meta":{"ngg_post_thumbnail":0,"footnotes":""},"class_list":["post-81","page","type-page","status-publish","hentry"],"_links":{"self":[{"href":"https:\/\/www.jrk-altoetting.de\/wordpress\/wp-json\/wp\/v2\/pages\/81","targetHints":{"allow":["GET"]}}],"collection":[{"href":"https:\/\/www.jrk-altoetting.de\/wordpress\/wp-json\/wp\/v2\/pages"}],"about":[{"href":"https:\/\/www.jrk-altoetting.de\/wordpress\/wp-json\/wp\/v2\/types\/page"}],"author":[{"embeddable":true,"href":"https:\/\/www.jrk-altoetting.de\/wordpress\/wp-json\/wp\/v2\/users\/6"}],"replies":[{"embeddable":true,"href":"https:\/\/www.jrk-altoetting.de\/wordpress\/wp-json\/wp\/v2\/comments?post=81"}],"version-history":[{"count":26,"href":"https:\/\/www.jrk-altoetting.de\/wordpress\/wp-json\/wp\/v2\/pages\/81\/revisions"}],"predecessor-version":[{"id":3164,"href":"https:\/\/www.jrk-altoetting.de\/wordpress\/wp-json\/wp\/v2\/pages\/81\/revisions\/3164"}],"up":[{"embeddable":true,"href":"https:\/\/www.jrk-altoetting.de\/wordpress\/wp-json\/wp\/v2\/pages\/67"}],"wp:attachment":[{"href":"https:\/\/www.jrk-altoetting.de\/wordpress\/wp-json\/wp\/v2\/media?parent=81"}],"curies":[{"name":"wp","href":"https:\/\/api.w.org\/{rel}","templated":true}]}}